{"id":79594,"date":"2020-03-06T10:14:23","date_gmt":"2020-03-06T10:14:23","guid":{"rendered":"https:\/\/aceitesmaeva.com\/politique-de-confidentialite\/"},"modified":"2020-03-06T10:14:24","modified_gmt":"2020-03-06T10:14:24","slug":"politique-de-confidentialite","status":"publish","type":"page","link":"https:\/\/aceitesmaeva.com\/fr\/politique-de-confidentialite\/","title":{"rendered":"Politique de Confidentialite"},"content":{"rendered":"<div class=\"wpb-content-wrapper\"><p>[vc_row css_animation=\u00a0\u00bb\u00a0\u00bb row_type=\u00a0\u00bbrow\u00a0\u00bb use_row_as_full_screen_section=\u00a0\u00bbno\u00a0\u00bb type=\u00a0\u00bbfull_width\u00a0\u00bb angled_section=\u00a0\u00bbno\u00a0\u00bb text_align=\u00a0\u00bbleft\u00a0\u00bb background_image_as_pattern=\u00a0\u00bbwithout_pattern\u00a0\u00bb][vc_column css=\u00a0\u00bb.vc_custom_1582912094431{padding-top: 10px !important;padding-right: 10px !important;padding-bottom: 10px !important;padding-left: 10px !important;}\u00a0\u00bb][vc_empty_space][vc_column_text css=\u00a0\u00bb.vc_custom_1582913477081{margin-top: 10px !important;margin-right: 10px !important;margin-bottom: 10px !important;margin-left: 10px !important;padding-top: 10px !important;padding-right: 10px !important;padding-bottom: 10px !important;padding-left: 10px !important;}\u00a0\u00bb]<\/p>\n<p class=\"p2\"><b>POL\u00cdTICA DE PRIVACIDAD <\/b><\/p>\n<p class=\"p3\">En ACEITES MAEVA SLU nos preocupamos por la privacidad y la transparencia. A continuaci\u00f3n, le indicamos en detalle los tratamientos de datos personales que realizamos, as\u00ed como toda la informaci\u00f3n relativa a los mismos.<\/p>\n<table class=\"t1\" cellspacing=\"2\" cellpadding=\"2\">\n<tbody>\n<tr>\n<td class=\"td1\" colspan=\"2\" valign=\"top\">\n<p class=\"p2\" style=\"text-align: left;\"><b>Tratamiento de los datos de candidatos a un puesto de trabajo <\/b><span class=\"s2\"><b>Informaci\u00f3n b\u00e1sica sobre Protecci\u00f3n de datos <\/b><\/span><\/p>\n<\/td>\n<\/tr>\n<tr>\n<td class=\"td1\" valign=\"top\">\n<p class=\"p3\" style=\"text-align: left;\"><b>Responsable: <\/b><\/p>\n<\/td>\n<td class=\"td1\" valign=\"top\">\n<p class=\"p4\" style=\"text-align: left;\">ACEITES MAEVA SLU<\/p>\n<\/td>\n<\/tr>\n<tr>\n<td class=\"td1\" valign=\"top\">\n<p class=\"p3\" style=\"text-align: left;\"><b>Finalidad: <\/b><\/p>\n<\/td>\n<td class=\"td1\" valign=\"top\">\n<p class=\"p4\" style=\"text-align: left;\">Realizar los procesos de selecci\u00f3n de personal<\/p>\n<\/td>\n<\/tr>\n<tr>\n<td class=\"td1\" valign=\"top\">\n<p class=\"p3\" style=\"text-align: left;\"><b>Legitimaci\u00f3n: <\/b><\/p>\n<\/td>\n<td class=\"td1\" valign=\"top\">\n<p class=\"p4\" style=\"text-align: left;\">Consentimiento del interesado.<\/p>\n<\/td>\n<\/tr>\n<tr>\n<td class=\"td1\" valign=\"top\">\n<p class=\"p3\" style=\"text-align: left;\"><b>Destinatarios: <\/b><\/p>\n<\/td>\n<td class=\"td1\" valign=\"top\">\n<p class=\"p4\" style=\"text-align: left;\">No se ceder\u00e1n datos a terceros, salvo obligaci\u00f3n legal.<\/p>\n<\/td>\n<\/tr>\n<tr>\n<td class=\"td1\" valign=\"top\">\n<p class=\"p3\" style=\"text-align: left;\"><b>Derechos: <\/b><\/p>\n<\/td>\n<td class=\"td1\" valign=\"top\">\n<p class=\"p4\" style=\"text-align: left;\">Tiene derecho a acceder, rectificar y suprimir los datos, as\u00ed como otros derechos, indicados en la informaci\u00f3n adicional, que puede ejercer dirigi\u00e9ndose a la direcci\u00f3n del responsable del tratamiento<\/p>\n<\/td>\n<\/tr>\n<tr>\n<td class=\"td1\" valign=\"top\">\n<p class=\"p3\" style=\"text-align: left;\"><b>Procedencia: <\/b><\/p>\n<\/td>\n<td class=\"td1\" valign=\"top\">\n<p class=\"p4\" style=\"text-align: left;\">del propio interesado<\/p>\n<\/td>\n<\/tr>\n<\/tbody>\n<\/table>\n<p class=\"p2\"><b>Informaci\u00f3n completa sobre Protecci\u00f3n de Datos <\/b><\/p>\n<p class=\"p2\"><b>1. \u00bfQui\u00e9n es el responsable del tratamiento de sus datos? <\/b><\/p>\n<p class=\"p3\">ACEITES MAEVA SLU.<\/p>\n<p class=\"p3\">B18364141.<\/p>\n<p class=\"p3\">PARQUE METROPOLITANO. AVDA. INCAR 8. &#8211; 18130 &#8211; ESCUZAR &#8211; GRANADA.<\/p>\n<p class=\"p1\"><b><i>1.1. Delegado de Protecci\u00f3n de Datos (DPD): <\/i><\/b><\/p>\n<p class=\"p2\">ELISA CAMPOY SOLER<\/p>\n<p class=\"p2\">CALLE LUIS AMADOR 26. CENTRO DE NEGOCIOS CAMARA DE COMERCIO. GRANADA<\/p>\n<p class=\"p2\">info@altabir.es<\/p>\n<p class=\"p1\"><b>2. \u00bfCon qu\u00e9 finalidad tratamos sus datos personales? <\/b><\/p>\n<p class=\"p2\">En ACEITES MAEVA SLU tratamos la informaci\u00f3n que nos facilitan las personas interesadas con el fin de Gestionar los Curriculum Vitae recibidos y realizar los procesos de selecci\u00f3n de personal No se van a tomar decisiones automatizadas en base de datos proporcionados.<\/p>\n<p class=\"p1\"><b>3. \u00bfPor cu\u00e1nto tiempo conservaremos sus datos? <\/b><\/p>\n<p class=\"p2\">Dos a\u00f1os desde la \u00faltima interacci\u00f3n<\/p>\n<p class=\"p1\"><b>4. \u00bfCu\u00e1l es la legitimaci\u00f3n para el tratamiento de sus datos? <\/b><\/p>\n<p class=\"p2\">Le indicamos la base legal para el tratamiento de sus datos:<\/p>\n<p class=\"p2\">\uf0b7 Consentimiento del interesado: Gestionar los Curriculum Vitae recibidos y realizar los procesos de selecci\u00f3n de personal<\/p>\n<p class=\"p1\"><b>5. \u00bfA qu\u00e9 destinatarios se comunicar\u00e1n sus datos? <\/b><\/p>\n<p class=\"p2\">No se ceder\u00e1n datos a terceros, salvo obligaci\u00f3n legal.<\/p>\n<p class=\"p1\"><b>6. Transferencias de datos a terceros pa\u00edses <\/b><\/p>\n<p class=\"p2\">No est\u00e1n previstas transferencias de datos a terceros pa\u00edses.<\/p>\n<p class=\"p1\"><b>7. \u00bfCu\u00e1les son sus derechos cuando nos facilita sus datos? <\/b><\/p>\n<p class=\"p2\">Cualquier persona tiene derecho a obtener confirmaci\u00f3n sobre si en ACEITES MAEVA SLU estamos tratando, o no, datos personales que les conciernan.<\/p>\n<p class=\"p1\">Las personas interesadas tienen derecho a acceder a sus datos personales, as\u00ed como a solicitar la rectificaci\u00f3n de los datos inexactos o, en su caso, solicitar su supresi\u00f3n cuando, entre otros motivos, los datos ya no sean necesarios para los fines que fueron recogidos. Igualmente tiene derecho a la portabilidad de sus datos.<\/p>\n<p class=\"p1\">En determinadas circunstancias, los interesados podr\u00e1n solicitar la limitaci\u00f3n del tratamiento de sus datos, en cuyo caso \u00fanicamente los conservaremos para el ejercicio o la defensa de reclamaciones.<\/p>\n<p class=\"p1\">En determinadas circunstancias y por motivos relacionados con su situaci\u00f3n particular, los interesados podr\u00e1n oponerse al tratamiento de sus datos. En este caso, ACEITES MAEVA SLU dejar\u00e1 de tratar los datos, salvo por motivos leg\u00edtimos imperiosos, o el ejercicio o la defensa de posibles reclamaciones.<\/p>\n<p class=\"p1\">Podr\u00e1 ejercitar materialmente sus derechos dirigi\u00e9ndose a la direcci\u00f3n del responsable del tratamiento<\/p>\n<p class=\"p1\">Si ha otorgado su consentimiento para alguna finalidad concreta, tiene derecho a retirar el consentimiento otorgado en cualquier momento, sin que ello afecte a la licitud del tratamiento basado en el consentimiento previo a su retirada.<\/p>\n<p class=\"p1\">En caso de que sienta vulnerados sus derechos en lo concerniente a la protecci\u00f3n de sus datos personales, especialmente cuando no haya obtenido satisfacci\u00f3n en el ejercicio de sus derechos, puede presentar una reclamaci\u00f3n ante la Autoridad de Control en materia de Protecci\u00f3n de Datos competente a trav\u00e9s de su sitio web: www.agpd.es.<\/p>\n<p class=\"p2\"><b>8. \u00bfC\u00f3mo hemos obtenido sus datos? <\/b><\/p>\n<p class=\"p1\">Los datos personales que tratamos en ACEITES MAEVA SLU proceden de: del propio interesado<\/p>\n<p class=\"p1\">Las categor\u00edas de datos que se tratan son:<\/p>\n<ul>\n<li class=\"p3\">Datos identificativos.<\/li>\n<li class=\"p3\">Direcciones postales y electr\u00f3nicas.<\/li>\n<li class=\"p1\">Informaci\u00f3n comercial.<\/li>\n<\/ul>\n<p class=\"p1\">No se tratan categor\u00edas especiales de datos personales (son aquellos datos que revelen el origen \u00e9tnico o racial, las opiniones pol\u00edticas, las convicciones religiosas o filos\u00f3ficas, o\u00a0la afiliaci\u00f3n sindical, datos gen\u00e9ticos, datos biom\u00e9tricos dirigidos a identificar de manera un\u00edvoca a una persona f\u00edsica, datos relativos a la salud o datos relativos a la vida sexual o la orientaci\u00f3n sexual de una persona f\u00edsica).<\/p>\n<table class=\"t1\" cellspacing=\"2\" cellpadding=\"2\">\n<tbody>\n<tr>\n<td class=\"td1\" colspan=\"2\" valign=\"top\">\n<p class=\"p1\" style=\"text-align: left;\"><b>Tratamiento de los datos de asistentes a eventos <\/b><span class=\"s1\"><b>Informaci\u00f3n b\u00e1sica sobre Protecci\u00f3n de datos <\/b><\/span><\/p>\n<\/td>\n<\/tr>\n<tr>\n<td class=\"td1\" valign=\"top\">\n<p class=\"p2\" style=\"text-align: left;\"><b>Responsable: <\/b><\/p>\n<\/td>\n<td class=\"td1\" valign=\"top\">\n<p class=\"p3\" style=\"text-align: left;\">ACEITES MAEVA SLU<\/p>\n<\/td>\n<\/tr>\n<tr>\n<td class=\"td1\" valign=\"top\">\n<p class=\"p2\" style=\"text-align: left;\"><b>Finalidad: <\/b><\/p>\n<\/td>\n<td class=\"td1\" valign=\"top\">\n<p class=\"p3\" style=\"text-align: left;\">Gestionar los asistentes a los eventos y enviar invitaciones a nuevos eventos<\/p>\n<\/td>\n<\/tr>\n<tr>\n<td class=\"td1\" valign=\"top\">\n<p class=\"p2\" style=\"text-align: left;\"><b>Legitimaci\u00f3n: <\/b><\/p>\n<\/td>\n<td class=\"td1\" valign=\"top\">\n<p class=\"p3\" style=\"text-align: left;\">Consentimiento del interesado.<\/p>\n<\/td>\n<\/tr>\n<tr>\n<td class=\"td1\" valign=\"top\">\n<p class=\"p2\" style=\"text-align: left;\"><b>Destinatarios: <\/b><\/p>\n<\/td>\n<td class=\"td1\" valign=\"top\">\n<p class=\"p3\" style=\"text-align: left;\">No se ceder\u00e1n datos a terceros, salvo obligaci\u00f3n legal.<\/p>\n<\/td>\n<\/tr>\n<tr>\n<td class=\"td1\" valign=\"top\">\n<p class=\"p2\" style=\"text-align: left;\"><b>Derechos: <\/b><\/p>\n<\/td>\n<td class=\"td1\" valign=\"top\">\n<p class=\"p3\" style=\"text-align: left;\">Tiene derecho a acceder, rectificar y suprimir los datos, as\u00ed como otros derechos, indicados en la informaci\u00f3n adicional, que puede ejercer dirigi\u00e9ndose a la direcci\u00f3n del responsable del tratamiento<\/p>\n<\/td>\n<\/tr>\n<tr>\n<td class=\"td1\" valign=\"top\">\n<p class=\"p2\" style=\"text-align: left;\"><b>Procedencia: <\/b><\/p>\n<\/td>\n<td class=\"td1\" valign=\"top\">\n<p class=\"p3\" style=\"text-align: left;\">Del propio interesado<\/p>\n<\/td>\n<\/tr>\n<\/tbody>\n<\/table>\n<p class=\"p1\"><b>Informaci\u00f3n completa sobre Protecci\u00f3n de Datos <\/b><\/p>\n<p class=\"p1\"><b>1. \u00bfQui\u00e9n es el responsable del tratamiento de sus datos? <\/b><\/p>\n<p class=\"p2\">ACEITES MAEVA SLU.<\/p>\n<p class=\"p2\">B18364141.<\/p>\n<p class=\"p2\">PARQUE METROPOLITANO. AVDA. INCAR 8. &#8211; 18130 &#8211; ESCUZAR &#8211; GRANADA.<\/p>\n<p class=\"p2\">958991033.<\/p>\n<p class=\"p2\">maeva@aceitesmaeva.com.<\/p>\n<p class=\"p3\"><b><i>1.1. Delegado de Protecci\u00f3n de Datos (DPD): <\/i><\/b><\/p>\n<p class=\"p2\">ELISA CAMPOY SOLER<\/p>\n<p class=\"p1\">CALLE LUIS AMADOR 26. CENTRO DE NEGOCIOS CAMARA DE COMERCIO. GRANADA<\/p>\n<p class=\"p1\">info@altabir.es<\/p>\n<p class=\"p2\"><b>2. \u00bfCon qu\u00e9 finalidad tratamos sus datos personales? <\/b><\/p>\n<p class=\"p1\">En ACEITES MAEVA SLU tratamos la informaci\u00f3n que nos facilitan las personas interesadas con el fin de Realizar la organizaci\u00f3n y gesti\u00f3n de los asistentes a los eventos, as\u00ed como realizar el env\u00edo de invitaciones a nuevos eventos que se organicen, inclusive, por v\u00eda electr\u00f3nica No se van a tomar decisiones automatizadas en base de datos proporcionados.<\/p>\n<p class=\"p2\"><b>3. \u00bfPor cu\u00e1nto tiempo conservaremos sus datos? <\/b><\/p>\n<p class=\"p1\">Los datos se conservar\u00e1n mientras el interesado no solicite la supresi\u00f3n de los mismos.<\/p>\n<p class=\"p2\"><b>4. \u00bfCu\u00e1l es la legitimaci\u00f3n para el tratamiento de sus datos? <\/b><\/p>\n<p class=\"p1\">Le indicamos la base legal para el tratamiento de sus datos:<\/p>\n<ul>\n<li class=\"p1\">Consentimiento del interesado: Realizar la organizaci\u00f3n y gesti\u00f3n de los asistentes a los eventos y realizar el env\u00edo de invitaciones a nuevos eventos que se organicen, inclusive, por v\u00eda electr\u00f3nica<\/li>\n<\/ul>\n<p class=\"p2\"><b>5. \u00bfA qu\u00e9 destinatarios se comunicar\u00e1n sus datos? <\/b><\/p>\n<p class=\"p1\">No se ceder\u00e1n datos a terceros, salvo obligaci\u00f3n legal.<\/p>\n<p class=\"p2\"><b>6. Transferencias de datos a terceros pa\u00edses <\/b><\/p>\n<p class=\"p1\">No est\u00e1n previstas transferencias de datos a terceros pa\u00edses.<\/p>\n<p class=\"p2\"><b>7. \u00bfCu\u00e1les son sus derechos cuando nos facilita sus datos? <\/b><\/p>\n<p class=\"p1\">Cualquier persona tiene derecho a obtener confirmaci\u00f3n sobre si en ACEITES MAEVA SLU estamos tratando, o no, datos personales que les conciernan.<\/p>\n<p class=\"p1\">Las personas interesadas tienen derecho a acceder a sus datos personales, as\u00ed como a solicitar la rectificaci\u00f3n de los datos inexactos o, en su caso, solicitar su supresi\u00f3n cuando, entre otros motivos, los datos ya no sean necesarios para los fines que fueron recogidos. Igualmente tiene derecho a la portabilidad de sus datos.<\/p>\n<p class=\"p1\">En determinadas circunstancias, los interesados podr\u00e1n solicitar la limitaci\u00f3n del tratamiento de sus datos, en cuyo caso \u00fanicamente los conservaremos para el ejercicio o la defensa de reclamaciones.<\/p>\n<p class=\"p1\">En determinadas circunstancias y por motivos relacionados con su situaci\u00f3n particular, los interesados podr\u00e1n oponerse al tratamiento de sus datos. En este caso, ACEITES MAEVA SLU dejar\u00e1 de tratar los datos, salvo por motivos leg\u00edtimos imperiosos, o el ejercicio o la defensa de posibles reclamaciones.<\/p>\n<p class=\"p1\">Podr\u00e1 ejercitar materialmente sus derechos dirigi\u00e9ndose a la direcci\u00f3n del responsable del tratamiento<\/p>\n<p class=\"p1\">Si ha otorgado su consentimiento para alguna finalidad concreta, tiene derecho a retirar el consentimiento otorgado en cualquier momento, sin que ello afecte a la licitud del tratamiento basado en el consentimiento previo a su retirada.<\/p>\n<p class=\"p1\">En caso de que sienta vulnerados sus derechos en lo concerniente a la protecci\u00f3n de sus datos personales, especialmente cuando no haya obtenido satisfacci\u00f3n en el ejercicio de sus derechos, puede presentar una reclamaci\u00f3n ante la Autoridad de Control en materia de Protecci\u00f3n de Datos competente a trav\u00e9s de su sitio web: www.agpd.es.<\/p>\n<p class=\"p2\"><b>8. \u00bfC\u00f3mo hemos obtenido sus datos? <\/b><\/p>\n<p class=\"p1\">Los datos personales que tratamos en ACEITES MAEVA SLU proceden de: Del propio interesado<\/p>\n<p class=\"p1\">Las categor\u00edas de datos que se tratan son:<\/p>\n<ul>\n<li class=\"p3\">Datos identificativos.<\/li>\n<li class=\"p3\">Direcciones postales y electr\u00f3nicas.<\/li>\n<li class=\"p1\">Informaci\u00f3n comercial.<\/li>\n<\/ul>\n<p class=\"p1\">No se tratan categor\u00edas especiales de datos personales (son aquellos datos que revelen el origen \u00e9tnico o racial, las opiniones pol\u00edticas, las convicciones religiosas o filos\u00f3ficas, o la afiliaci\u00f3n sindical, datos gen\u00e9ticos, datos biom\u00e9tricos dirigidos a identificar de manera un\u00edvoca a una persona f\u00edsica, datos relativos a la salud o datos relativos a la vida sexual o la orientaci\u00f3n sexual de una persona f\u00edsica).<\/p>\n<table class=\"t1\" cellspacing=\"0\" cellpadding=\"0\">\n<tbody>\n<tr>\n<td class=\"td1\" colspan=\"2\" valign=\"top\">\n<p class=\"p1\" style=\"text-align: left;\"><span class=\"s1\"><b>Tratamiento de los datos de proveedores <\/b><\/span><b>Informaci\u00f3n b\u00e1sica sobre Protecci\u00f3n de datos <\/b><\/p>\n<\/td>\n<\/tr>\n<tr>\n<td class=\"td1\" valign=\"top\">\n<p class=\"p1\" style=\"text-align: left;\"><b>Responsable: <\/b><\/p>\n<\/td>\n<td class=\"td1\" valign=\"top\">\n<p class=\"p2\" style=\"text-align: left;\">ACEITES MAEVA SLU<\/p>\n<\/td>\n<\/tr>\n<tr>\n<td class=\"td1\" valign=\"top\">\n<p class=\"p1\" style=\"text-align: left;\"><b>Finalidad: <\/b><\/p>\n<\/td>\n<td class=\"td1\" valign=\"top\">\n<p class=\"p2\" style=\"text-align: left;\">Gestionar la prestaci\u00f3n de los servicios contratados<\/p>\n<\/td>\n<\/tr>\n<tr>\n<td class=\"td1\" valign=\"top\">\n<p class=\"p1\" style=\"text-align: left;\"><b>Legitimaci\u00f3n: <\/b><\/p>\n<\/td>\n<td class=\"td1\" valign=\"top\">\n<p class=\"p2\" style=\"text-align: left;\">Ejecuci\u00f3n de un contrato.<\/p>\n<\/td>\n<\/tr>\n<tr>\n<td class=\"td1\" valign=\"top\">\n<p class=\"p1\" style=\"text-align: left;\"><b>Destinatarios: <\/b><\/p>\n<\/td>\n<td class=\"td1\" valign=\"top\">\n<p class=\"p2\" style=\"text-align: left;\">Est\u00e1n previstas cesiones de datos a: Agencia Tributaria; Entidades financieras.<\/p>\n<\/td>\n<\/tr>\n<tr>\n<td class=\"td1\" valign=\"top\">\n<p class=\"p1\" style=\"text-align: left;\"><b>Derechos: <\/b><\/p>\n<\/td>\n<td class=\"td1\" valign=\"top\">\n<p class=\"p2\" style=\"text-align: left;\">Tiene derecho a acceder, rectificar y suprimir los datos, as\u00ed como otros derechos, indicados en la informaci\u00f3n adicional, que puede ejercer dirigi\u00e9ndose a la direcci\u00f3n del responsable del tratamiento<\/p>\n<\/td>\n<\/tr>\n<tr>\n<td class=\"td1\" valign=\"top\">\n<p class=\"p1\" style=\"text-align: left;\"><b>Procedencia: <\/b><\/p>\n<\/td>\n<td class=\"td1\" valign=\"top\">\n<p class=\"p2\" style=\"text-align: left;\">del propio interesado<\/p>\n<\/td>\n<\/tr>\n<\/tbody>\n<\/table>\n<p class=\"p1\"><b>Informaci\u00f3n completa sobre Protecci\u00f3n de Datos <\/b><\/p>\n<p class=\"p1\"><b>1. \u00bfQui\u00e9n es el responsable del tratamiento de sus datos? <\/b><\/p>\n<p class=\"p2\">ACEITES MAEVA SLU.<\/p>\n<p class=\"p2\">B18364141.<\/p>\n<p class=\"p2\">PARQUE METROPOLITANO. AVDA. INCAR 8. &#8211; 18130 &#8211; ESCUZAR &#8211; GRANADA.<\/p>\n<p class=\"p2\">958991033.<\/p>\n<p class=\"p2\">maeva@aceitesmaeva.com.<\/p>\n<p class=\"p3\"><b><i>1.1. Delegado de Protecci\u00f3n de Datos (DPD): <\/i><\/b><\/p>\n<p class=\"p2\">ELISA CAMPOY SOLER<\/p>\n<p class=\"p1\">CALLE LUIS AMADOR 26. CENTRO DE NEGOCIOS CAMARA DE COMERCIO. GRANADA<\/p>\n<p class=\"p1\">info@altabir.es<\/p>\n<p class=\"p2\"><b>2. \u00bfCon qu\u00e9 finalidad tratamos sus datos personales? <\/b><\/p>\n<p class=\"p1\">En ACEITES MAEVA SLU tratamos la informaci\u00f3n que nos facilitan las personas interesadas con el fin de Realizar la gesti\u00f3n administrativa, contable y fiscal de los servicios contratados, as\u00ed como de las personas de contacto No se van a tomar decisiones automatizadas en base de datos proporcionados<\/p>\n<p class=\"p2\"><b>3. \u00bfPor cu\u00e1nto tiempo conservaremos sus datos? <\/b><\/p>\n<p class=\"p1\">Los datos se conservar\u00e1n mientras el interesado no solicite su supresi\u00f3n, y en su caso, durante los a\u00f1os necesarios para cumplir con las obligaciones legales.<\/p>\n<p class=\"p2\"><b>4. \u00bfCu\u00e1l es la legitimaci\u00f3n para el tratamiento de sus datos? <\/b><\/p>\n<p class=\"p1\">Le indicamos la base legal para el tratamiento de sus datos:<\/p>\n<ul>\n<li class=\"p1\">Ejecuci\u00f3n de un contrato: Realizar la gesti\u00f3n administrativa, contable y fiscal de los servicios contratados, as\u00ed como de las personas de contacto<\/li>\n<\/ul>\n<p class=\"p2\"><b>5. \u00bfA qu\u00e9 destinatarios se comunicar\u00e1n sus datos? <\/b><\/p>\n<p class=\"p1\">Los datos se comunicar\u00e1n a los siguientes destinatarios:<\/p>\n<ul>\n<li class=\"p4\">Agencia Tributaria, con la finalidad de Cumplir con las obligaciones legales<\/li>\n<li class=\"p1\">Entidades financieras, con la finalidad de Realizar los pagos correspondientes<\/li>\n<\/ul>\n<p class=\"p2\"><b>6. Transferencias de datos a terceros pa\u00edses <\/b><\/p>\n<p class=\"p1\">No est\u00e1n previstas transferencias de datos a terceros pa\u00edses.<\/p>\n<p class=\"p2\"><b>7. \u00bfCu\u00e1les son sus derechos cuando nos facilita sus datos? <\/b><\/p>\n<p class=\"p1\">Cualquier persona tiene derecho a obtener confirmaci\u00f3n sobre si en ACEITES MAEVA SLU estamos tratando, o no, datos personales que les conciernan.<\/p>\n<p class=\"p1\">Las personas interesadas tienen derecho a acceder a sus datos personales, as\u00ed como a solicitar la rectificaci\u00f3n de los datos inexactos o, en su caso, solicitar su supresi\u00f3n<\/p>\n<p class=\"p1\">cuando, entre otros motivos, los datos ya no sean necesarios para los fines que fueron recogidos. Igualmente tiene derecho a la portabilidad de sus datos.<\/p>\n<p class=\"p1\">En determinadas circunstancias, los interesados podr\u00e1n solicitar la limitaci\u00f3n del tratamiento de sus datos, en cuyo caso \u00fanicamente los conservaremos para el ejercicio o la defensa de reclamaciones.<\/p>\n<p class=\"p1\">En determinadas circunstancias y por motivos relacionados con su situaci\u00f3n particular, los interesados podr\u00e1n oponerse al tratamiento de sus datos. En este caso, ACEITES MAEVA SLU dejar\u00e1 de tratar los datos, salvo por motivos leg\u00edtimos imperiosos, o el ejercicio o la defensa de posibles reclamaciones.<\/p>\n<p class=\"p1\">Podr\u00e1 ejercitar materialmente sus derechos dirigi\u00e9ndose a la direcci\u00f3n del responsable del tratamiento<\/p>\n<p class=\"p1\">Si ha otorgado su consentimiento para alguna finalidad concreta, tiene derecho a retirar el consentimiento otorgado en cualquier momento, sin que ello afecte a la licitud del tratamiento basado en el consentimiento previo a su retirada.<\/p>\n<p class=\"p1\">En caso de que sienta vulnerados sus derechos en lo concerniente a la protecci\u00f3n de sus datos personales, especialmente cuando no haya obtenido satisfacci\u00f3n en el ejercicio de sus derechos, puede presentar una reclamaci\u00f3n ante la Autoridad de Control en materia de Protecci\u00f3n de Datos competente a trav\u00e9s de su sitio web: www.agpd.es.<\/p>\n<p class=\"p2\"><b>8. \u00bfC\u00f3mo hemos obtenido sus datos? <\/b><\/p>\n<p class=\"p1\">Los datos personales que tratamos en ACEITES MAEVA SLU proceden de: del propio interesado<\/p>\n<p class=\"p1\">Las categor\u00edas de datos que se tratan son:<\/p>\n<ul>\n<li class=\"p3\">Datos identificativos.<\/li>\n<li class=\"p3\">Direcciones postales y electr\u00f3nicas.<\/li>\n<li class=\"p3\">Informaci\u00f3n comercial.<\/li>\n<li class=\"p1\">Datos econ\u00f3micos.<\/li>\n<\/ul>\n<p class=\"p1\">No se tratan categor\u00edas especiales de datos personales (son aquellos datos que revelen el origen \u00e9tnico o racial, las opiniones pol\u00edticas, las convicciones religiosas o filos\u00f3ficas, o la afiliaci\u00f3n sindical, datos gen\u00e9ticos, datos biom\u00e9tricos dirigidos a identificar de<\/p>\n<p class=\"p1\">manera un\u00edvoca a una persona f\u00edsica, datos relativos a la salud o datos relativos a la vida sexual o la orientaci\u00f3n sexual de una persona f\u00edsica).<\/p>\n<table class=\"t1\" cellspacing=\"0\" cellpadding=\"0\">\n<tbody>\n<tr>\n<td class=\"td1\" colspan=\"2\" valign=\"top\">\n<p class=\"p1\" style=\"text-align: left;\"><b>Tratamiento de los datos de visitantes a las instalaciones <\/b><span class=\"s1\"><b>Informaci\u00f3n b\u00e1sica sobre Protecci\u00f3n de datos <\/b><\/span><\/p>\n<\/td>\n<\/tr>\n<tr>\n<td class=\"td1\" valign=\"top\">\n<p class=\"p2\" style=\"text-align: left;\"><b>Responsable: <\/b><\/p>\n<\/td>\n<td class=\"td1\" valign=\"top\">\n<p class=\"p3\" style=\"text-align: left;\">ACEITES MAEVA SLU<\/p>\n<\/td>\n<\/tr>\n<tr>\n<td class=\"td1\" valign=\"top\">\n<p class=\"p2\" style=\"text-align: left;\"><b>Finalidad: <\/b><\/p>\n<\/td>\n<td class=\"td1\" valign=\"top\">\n<p class=\"p3\" style=\"text-align: left;\">Registro de visitas a las instalaciones<\/p>\n<\/td>\n<\/tr>\n<tr>\n<td class=\"td1\" valign=\"top\">\n<p class=\"p2\" style=\"text-align: left;\"><b>Legitimaci\u00f3n: <\/b><\/p>\n<\/td>\n<td class=\"td1\" valign=\"top\">\n<p class=\"p3\" style=\"text-align: left;\">Inter\u00e9s leg\u00edtimo del Responsable.<\/p>\n<\/td>\n<\/tr>\n<tr>\n<td class=\"td1\" valign=\"top\">\n<p class=\"p2\" style=\"text-align: left;\"><b>Destinatarios: <\/b><\/p>\n<\/td>\n<td class=\"td1\" valign=\"top\">\n<p class=\"p3\" style=\"text-align: left;\">No se ceder\u00e1n datos a terceros, salvo obligaci\u00f3n legal.<\/p>\n<\/td>\n<\/tr>\n<tr>\n<td class=\"td1\" valign=\"top\">\n<p class=\"p2\" style=\"text-align: left;\"><b>Derechos: <\/b><\/p>\n<\/td>\n<td class=\"td1\" valign=\"top\">\n<p class=\"p3\" style=\"text-align: left;\">Tiene derecho a acceder, rectificar y suprimir los datos, as\u00ed como otros derechos, indicados en la informaci\u00f3n adicional, que puede ejercer dirigi\u00e9ndose a la direcci\u00f3n del responsable del tratamiento<\/p>\n<\/td>\n<\/tr>\n<tr>\n<td class=\"td1\" valign=\"top\">\n<p class=\"p2\" style=\"text-align: left;\"><b>Procedencia: <\/b><\/p>\n<\/td>\n<td class=\"td1\" valign=\"top\">\n<p class=\"p3\" style=\"text-align: left;\">Del propio interesado<\/p>\n<\/td>\n<\/tr>\n<\/tbody>\n<\/table>\n<p class=\"p1\"><b>Informaci\u00f3n completa sobre Protecci\u00f3n de Datos <\/b><\/p>\n<p class=\"p1\"><b>1. \u00bfQui\u00e9n es el responsable del tratamiento de sus datos? <\/b><\/p>\n<p class=\"p2\">ACEITES MAEVA SLU.<\/p>\n<p class=\"p2\">B18364141.<\/p>\n<p class=\"p2\">PARQUE METROPOLITANO. AVDA. INCAR 8. &#8211; 18130 &#8211; ESCUZAR &#8211; GRANADA.<\/p>\n<p class=\"p2\">958991033.<\/p>\n<p class=\"p2\">maeva@aceitesmaeva.com.<\/p>\n<p class=\"p3\"><b><i>1.1. Delegado de Protecci\u00f3n de Datos (DPD): <\/i><\/b><\/p>\n<p class=\"p2\">ELISA CAMPOY SOLER<\/p>\n<p class=\"p1\">CALLE LUIS AMADOR 26. CENTRO DE NEGOCIOS CAMARA DE COMERCIO. GRANADA<\/p>\n<p class=\"p1\">info@altabir.es<\/p>\n<p class=\"p2\"><b>2. \u00bfCon qu\u00e9 finalidad tratamos sus datos personales? <\/b><\/p>\n<p class=\"p1\">En ACEITES MAEVA SLU tratamos la informaci\u00f3n que nos facilitan las personas interesadas con el fin de Registro y gesti\u00f3n de visitas a las instalaciones No se van a tomar decisiones automatizadas en base de datos proporcionados.<\/p>\n<p class=\"p2\"><b>3. \u00bfPor cu\u00e1nto tiempo conservaremos sus datos? <\/b><\/p>\n<p class=\"p1\">Durante cuatro a\u00f1os<\/p>\n<p class=\"p2\"><b>4. \u00bfCu\u00e1l es la legitimaci\u00f3n para el tratamiento de sus datos? <\/b><\/p>\n<p class=\"p1\">Le indicamos la base legal para el tratamiento de sus datos:<\/p>\n<p class=\"p1\">\uf0b7 Inter\u00e9s leg\u00edtimo del Responsable: Registro y gesti\u00f3n de visitas a las instalaciones<\/p>\n<p class=\"p2\"><b>5. \u00bfA qu\u00e9 destinatarios se comunicar\u00e1n sus datos? <\/b><\/p>\n<p class=\"p1\">No se ceder\u00e1n datos a terceros, salvo obligaci\u00f3n legal.<\/p>\n<p class=\"p2\"><b>6. Transferencias de datos a terceros pa\u00edses <\/b><\/p>\n<p class=\"p1\">No est\u00e1n previstas transferencias de datos a terceros pa\u00edses.<\/p>\n<p class=\"p2\"><b>7. \u00bfCu\u00e1les son sus derechos cuando nos facilita sus datos? <\/b><\/p>\n<p class=\"p1\">Cualquier persona tiene derecho a obtener confirmaci\u00f3n sobre si en ACEITES MAEVA SLU estamos tratando, o no, datos personales que les conciernan.<\/p>\n<p class=\"p1\">Las personas interesadas tienen derecho a acceder a sus datos personales, as\u00ed como a solicitar la rectificaci\u00f3n de los datos inexactos o, en su caso, solicitar su supresi\u00f3n cuando, entre otros motivos, los datos ya no sean necesarios para los fines que fueron recogidos. Igualmente tiene derecho a la portabilidad de sus datos.<\/p>\n<p class=\"p1\">En determinadas circunstancias, los interesados podr\u00e1n solicitar la limitaci\u00f3n del tratamiento de sus datos, en cuyo caso \u00fanicamente los conservaremos para el ejercicio o la defensa de reclamaciones.<\/p>\n<p class=\"p1\">En determinadas circunstancias y por motivos relacionados con su situaci\u00f3n particular, los interesados podr\u00e1n oponerse al tratamiento de sus datos. En este caso, ACEITES MAEVA SLU dejar\u00e1 de tratar los datos, salvo por motivos leg\u00edtimos imperiosos, o el ejercicio o la defensa de posibles reclamaciones.<\/p>\n<p class=\"p1\">Podr\u00e1 ejercitar materialmente sus derechos dirigi\u00e9ndose a la direcci\u00f3n del responsable del tratamiento<\/p>\n<p class=\"p1\">Si ha otorgado su consentimiento para alguna finalidad concreta, tiene derecho a retirar el consentimiento otorgado en cualquier momento, sin que ello afecte a la licitud del tratamiento basado en el consentimiento previo a su retirada.<\/p>\n<p class=\"p1\">En caso de que sienta vulnerados sus derechos en lo concerniente a la protecci\u00f3n de sus datos personales, especialmente cuando no haya obtenido satisfacci\u00f3n en el ejercicio de sus derechos, puede presentar una reclamaci\u00f3n ante la Autoridad de Control en materia de Protecci\u00f3n de Datos competente a trav\u00e9s de su sitio web: www.agpd.es.<\/p>\n<p class=\"p2\"><b>8. \u00bfC\u00f3mo hemos obtenido sus datos? <\/b><\/p>\n<p class=\"p1\">Los datos personales que tratamos en ACEITES MAEVA SLU proceden de: Del propio interesado<\/p>\n<p class=\"p1\">Las categor\u00edas de datos que se tratan son:<\/p>\n<ul>\n<li class=\"p3\">Datos identificativos.<\/li>\n<li class=\"p3\">Direcciones postales y electr\u00f3nicas.<\/li>\n<li class=\"p3\">Informaci\u00f3n comercial.<\/li>\n<li class=\"p1\">Datos econ\u00f3micos.<\/li>\n<\/ul>\n<p class=\"p1\">No se tratan categor\u00edas especiales de datos personales (son aquellos datos que revelen el origen \u00e9tnico o racial, las opiniones pol\u00edticas, las convicciones religiosas o filos\u00f3ficas, o la afiliaci\u00f3n sindical, datos gen\u00e9ticos, datos biom\u00e9tricos dirigidos a identificar de manera un\u00edvoca a una persona f\u00edsica, datos relativos a la salud o datos relativos a la vida sexual o la orientaci\u00f3n sexual de una persona f\u00edsica).<\/p>\n<div><\/div>\n<p class=\"p1\"><span class=\"s1\"><b>Tratamiento de los datos de clientes <\/b><\/span><b>Informaci\u00f3n b\u00e1sica sobre Protecci\u00f3n de datos <\/b><\/p>\n<p class=\"p1\"><b>Responsable: <\/b><\/p>\n<p class=\"p2\">ACEITES MAEVA SLU<\/p>\n<p class=\"p1\"><b>Finalidad: <\/b><\/p>\n<p class=\"p2\">Prestar los servicios solicitados y enviar comunicaciones comerciales<\/p>\n<p class=\"p1\"><b>Legitimaci\u00f3n: <\/b><\/p>\n<p class=\"p2\">Ejecuci\u00f3n de un contrato.<\/p>\n<p class=\"p2\">Inter\u00e9s leg\u00edtimo del Responsable.<\/p>\n<p class=\"p1\"><b>Destinatarios: <\/b><\/p>\n<p class=\"p2\">Est\u00e1n previstas cesiones de datos a: Agencia Tributaria; Entidades financieras.<\/p>\n<p class=\"p1\"><b>Derechos: <\/b><\/p>\n<p class=\"p2\">Tiene derecho a acceder, rectificar y suprimir los datos, as\u00ed como otros derechos, indicados en la informaci\u00f3n adicional, que puede ejercer dirigi\u00e9ndose a la direcci\u00f3n del responsable del tratamiento<\/p>\n<p class=\"p1\"><b>Procedencia: <\/b><\/p>\n<p class=\"p2\">Del propio interesado<\/p>\n<p class=\"p1\"><b>Informaci\u00f3n completa sobre Protecci\u00f3n de Datos <\/b><\/p>\n<p class=\"p1\"><b>1. \u00bfQui\u00e9n es el responsable del tratamiento de sus datos? <\/b><\/p>\n<p class=\"p2\">ACEITES MAEVA SLU.<\/p>\n<p class=\"p2\">B18364141.<\/p>\n<p class=\"p2\">PARQUE METROPOLITANO. AVDA. INCAR 8. &#8211; 18130 &#8211; ESCUZAR &#8211; GRANADA.<\/p>\n<p class=\"p2\">958991033.<\/p>\n<p class=\"p2\">maeva@aceitesmaeva.com.<\/p>\n<p class=\"p1\"><b><i>1.1. Delegado de Protecci\u00f3n de Datos (DPD): <\/i><\/b><\/p>\n<p class=\"p2\">ELISA CAMPOY SOLER<\/p>\n<p class=\"p2\">CALLE LUIS AMADOR 26. CENTRO DE NEGOCIOS CAMARA DE COMERCIO. GRANADA<\/p>\n<p class=\"p2\">info@altabir.es<\/p>\n<p class=\"p3\"><b>2. \u00bfCon qu\u00e9 finalidad tratamos sus datos personales? <\/b><\/p>\n<p class=\"p2\">En ACEITES MAEVA SLU tratamos la informaci\u00f3n que nos facilitan las personas interesadas con el fin de Realizar la gesti\u00f3n administrativa, contable y fiscal de los servicios solicitados, as\u00ed como enviar comunicaciones comerciales sobre nuestros productos y servicios. No se van a tomar decisiones automatizadas en base de datos proporcionados.<\/p>\n<p class=\"p3\"><b>3. \u00bfPor cu\u00e1nto tiempo conservaremos sus datos? <\/b><\/p>\n<p class=\"p2\">Los datos se conservar\u00e1n mientras el interesado no solicite su supresi\u00f3n, y en su caso, durante los a\u00f1os necesarios para cumplir con las obligaciones legales.<\/p>\n<p class=\"p3\"><b>4. \u00bfCu\u00e1l es la legitimaci\u00f3n para el tratamiento de sus datos? <\/b><\/p>\n<p class=\"p2\">Le indicamos la base legal para el tratamiento de sus datos:<\/p>\n<ul>\n<li class=\"p4\">Ejecuci\u00f3n de un contrato: Realizar la gesti\u00f3n administrativa, contable y fiscal de los servicios solicitados<\/li>\n<li class=\"p2\">Inter\u00e9s leg\u00edtimo del Responsable: Enviar comunicaciones comerciales sobre nuestros productos y servicios<\/li>\n<\/ul>\n<p class=\"p3\"><b>5. \u00bfA qu\u00e9 destinatarios se comunicar\u00e1n sus datos? <\/b><\/p>\n<p class=\"p2\">Los datos se comunicar\u00e1n a los siguientes destinatarios:<\/p>\n<ul>\n<li class=\"p6\">Agencia Tributaria, con la finalidad de Cumplir con las obligaciones legales<\/li>\n<li class=\"p2\">Entidades financieras, con la finalidad de Girar los recibos correspondientes<\/li>\n<\/ul>\n<p class=\"p3\"><b>6. Transferencias de datos a terceros pa\u00edses <\/b><\/p>\n<p class=\"p2\">No est\u00e1n previstas transferencias de datos a terceros pa\u00edses.<\/p>\n<p class=\"p1\"><b>7. \u00bfCu\u00e1les son sus derechos cuando nos facilita sus datos? <\/b><\/p>\n<p class=\"p2\">Cualquier persona tiene derecho a obtener confirmaci\u00f3n sobre si en ACEITES MAEVA SLU estamos tratando, o no, datos personales que les conciernan.<\/p>\n<p class=\"p2\">Las personas interesadas tienen derecho a acceder a sus datos personales, as\u00ed como a solicitar la rectificaci\u00f3n de los datos inexactos o, en su caso, solicitar su supresi\u00f3n cuando, entre otros motivos, los datos ya no sean necesarios para los fines que fueron recogidos. Igualmente tiene derecho a la portabilidad de sus datos.<\/p>\n<p class=\"p2\">En determinadas circunstancias, los interesados podr\u00e1n solicitar la limitaci\u00f3n del tratamiento de sus datos, en cuyo caso \u00fanicamente los conservaremos para el ejercicio o la defensa de reclamaciones.<\/p>\n<p class=\"p2\">En determinadas circunstancias y por motivos relacionados con su situaci\u00f3n particular, los interesados podr\u00e1n oponerse al tratamiento de sus datos. En este caso, ACEITES MAEVA SLU dejar\u00e1 de tratar los datos, salvo por motivos leg\u00edtimos imperiosos, o el ejercicio o la defensa de posibles reclamaciones.<\/p>\n<p class=\"p2\">Podr\u00e1 ejercitar materialmente sus derechos dirigi\u00e9ndose a la direcci\u00f3n del responsable del tratamiento<\/p>\n<p class=\"p2\">Si ha otorgado su consentimiento para alguna finalidad concreta, tiene derecho a retirar el consentimiento otorgado en cualquier momento, sin que ello afecte a la licitud del tratamiento basado en el consentimiento previo a su retirada.<\/p>\n<p class=\"p2\">En caso de que sienta vulnerados sus derechos en lo concerniente a la protecci\u00f3n de sus datos personales, especialmente cuando no haya obtenido satisfacci\u00f3n en el ejercicio de sus derechos, puede presentar una reclamaci\u00f3n ante la Autoridad de Control en materia de Protecci\u00f3n de Datos competente a trav\u00e9s de su sitio web: www.agpd.es.<\/p>\n<p class=\"p1\"><b>8. \u00bfC\u00f3mo hemos obtenido sus datos? <\/b><\/p>\n<p class=\"p2\">Los datos personales que tratamos en ACEITES MAEVA SLU proceden de: Del propio interesado<\/p>\n<p class=\"p2\">Las categor\u00edas de datos que se tratan son:<\/p>\n<ul>\n<li class=\"p3\">Datos identificativos.<\/li>\n<li class=\"p2\">Direcciones postales y electr\u00f3nicas.<\/li>\n<li class=\"p2\">Informaci\u00f3n comercial.<\/li>\n<\/ul>\n<p class=\"p2\">No se tratan categor\u00edas especiales de datos personales (son aquellos datos que revelen el origen \u00e9tnico o racial, las opiniones pol\u00edticas, las convicciones religiosas o filos\u00f3ficas, o la afiliaci\u00f3n sindical, datos gen\u00e9ticos, datos biom\u00e9tricos dirigidos a identificar de manera un\u00edvoca a una persona f\u00edsica, datos relativos a la salud o datos relativos a la vida sexual o la orientaci\u00f3n sexual de una persona f\u00edsica).<\/p>\n<table class=\"t1\" cellspacing=\"2\" cellpadding=\"2\">\n<tbody>\n<tr>\n<td class=\"td1\" colspan=\"2\" valign=\"top\">\n<p class=\"p1\" style=\"text-align: left;\"><span class=\"s1\"><b>Tratamiento de los datos del personal <\/b><\/span><b>Informaci\u00f3n b\u00e1sica sobre Protecci\u00f3n de datos <\/b><\/p>\n<\/td>\n<\/tr>\n<tr>\n<td class=\"td1\" valign=\"top\">\n<p class=\"p1\" style=\"text-align: left;\"><b>Responsable: <\/b><\/p>\n<\/td>\n<td class=\"td1\" valign=\"top\">\n<p class=\"p2\" style=\"text-align: left;\">ACEITES MAEVA SLU<\/p>\n<\/td>\n<\/tr>\n<tr>\n<td class=\"td1\" valign=\"top\">\n<p class=\"p1\" style=\"text-align: left;\"><b>Finalidad: <\/b><\/p>\n<\/td>\n<td class=\"td1\" valign=\"top\">\n<p class=\"p2\" style=\"text-align: left;\">Gestionar la relaci\u00f3n laboral<\/p>\n<\/td>\n<\/tr>\n<tr>\n<td class=\"td1\" valign=\"top\">\n<p class=\"p1\" style=\"text-align: left;\"><b>Legitimaci\u00f3n: <\/b><\/p>\n<\/td>\n<td class=\"td1\" valign=\"top\">\n<p class=\"p2\" style=\"text-align: left;\">Ejecuci\u00f3n de un contrato.<\/p>\n<p class=\"p2\" style=\"text-align: left;\">Cumplimiento de una obligaci\u00f3n legal.<\/p>\n<\/td>\n<\/tr>\n<tr>\n<td class=\"td1\" valign=\"top\">\n<p class=\"p1\" style=\"text-align: left;\"><b>Destinatarios: <\/b><\/p>\n<\/td>\n<td class=\"td1\" valign=\"top\">\n<p class=\"p2\" style=\"text-align: left;\">Est\u00e1n previstas cesiones de datos a: Agencia Tributaria, Seguridad Social y Mutua; Bancos y entidades financieras; Fundaci\u00f3n estatal para la formaci\u00f3n en el empleo (Fundae).<\/p>\n<\/td>\n<\/tr>\n<tr>\n<td class=\"td1\" valign=\"top\">\n<p class=\"p1\" style=\"text-align: left;\"><b>Derechos: <\/b><\/p>\n<\/td>\n<td class=\"td1\" valign=\"top\">\n<p class=\"p2\" style=\"text-align: left;\">Tiene derecho a acceder, rectificar y suprimir los datos, as\u00ed como otros derechos, indicados en la informaci\u00f3n adicional, que puede ejercer dirigi\u00e9ndose a la direcci\u00f3n del responsable del tratamiento<\/p>\n<\/td>\n<\/tr>\n<tr>\n<td class=\"td1\" valign=\"top\">\n<p class=\"p1\" style=\"text-align: left;\"><b>Procedencia: <\/b><\/p>\n<\/td>\n<td class=\"td1\" valign=\"top\">\n<p class=\"p2\" style=\"text-align: left;\">Del propio interesado<\/p>\n<\/td>\n<\/tr>\n<\/tbody>\n<\/table>\n<p class=\"p1\"><b>Informaci\u00f3n completa sobre Protecci\u00f3n de Datos <\/b><\/p>\n<p class=\"p1\"><b>1. \u00bfQui\u00e9n es el responsable del tratamiento de sus datos? <\/b><\/p>\n<p class=\"p2\">ACEITES MAEVA SLU.<\/p>\n<p class=\"p2\">B18364141.<\/p>\n<p class=\"p2\">PARQUE METROPOLITANO. AVDA. INCAR 8. &#8211; 18130 &#8211; ESCUZAR &#8211; GRANADA.<\/p>\n<p class=\"p2\">958991033.<\/p>\n<p class=\"p2\">maeva@aceitesmaeva.com.<\/p>\n<p class=\"p1\"><b><i>1.1. Delegado de Protecci\u00f3n de Datos (DPD): <\/i><\/b><\/p>\n<p class=\"p2\">ELISA CAMPOY SOLER<\/p>\n<p class=\"p2\">CALLE LUIS AMADOR 26. CENTRO DE NEGOCIOS CAMARA DE COMERCIO. GRANADA<\/p>\n<p class=\"p2\">info@altabir.es<\/p>\n<p class=\"p3\"><b>2. \u00bfCon qu\u00e9 finalidad tratamos sus datos personales? <\/b><\/p>\n<p class=\"p2\">En ACEITES MAEVA SLU tratamos la informaci\u00f3n que nos facilitan las personas interesadas con el fin de Gesti\u00f3n de personal; formaci\u00f3n; prevenci\u00f3n de riesgos laborales y vigilancia de la salud; elaboraci\u00f3n de n\u00f3minas, seguros sociales y cotizaciones No se van a tomar decisiones automatizadas en base de datos proporcionados.<\/p>\n<p class=\"p3\"><b>3. \u00bfPor cu\u00e1nto tiempo conservaremos sus datos? <\/b><\/p>\n<p class=\"p2\">Mientras se mantenga la relaci\u00f3n laboral con la entidad y durante los a\u00f1os necesarios para cumplir con las obligaciones legales.<\/p>\n<p class=\"p3\"><b>4. \u00bfCu\u00e1l es la legitimaci\u00f3n para el tratamiento de sus datos? <\/b><\/p>\n<p class=\"p2\">Le indicamos la base legal para el tratamiento de sus datos:<\/p>\n<ul>\n<li class=\"p4\">Ejecuci\u00f3n de un contrato: Gesti\u00f3n de personal y formaci\u00f3n<\/li>\n<li class=\"p2\">Cumplimiento de una obligaci\u00f3n legal: Prevenci\u00f3n de riesgos laborales y vigilancia de la salud; elaboraci\u00f3n de n\u00f3minas, seguros sociales y cotizaciones<\/li>\n<\/ul>\n<p class=\"p3\"><b>5. \u00bfA qu\u00e9 destinatarios se comunicar\u00e1n sus datos? <\/b><\/p>\n<p class=\"p2\">Los datos se comunicar\u00e1n a los siguientes destinatarios:<\/p>\n<ul>\n<li class=\"p4\">Agencia Tributaria, Seguridad Social y Mutua, con la finalidad de Cumplimiento de las obligaciones legales<\/li>\n<li class=\"p4\">Bancos y entidades financieras, con la finalidad de Realizar el pago de las n\u00f3minas<\/li>\n<li class=\"p2\">Fundaci\u00f3n estatal para la formaci\u00f3n en el empleo (Fundae), con la finalidad de Realizar la gesti\u00f3n de los cursos bonificados<\/li>\n<\/ul>\n<p class=\"p1\"><b>6. Transferencias de datos a terceros pa\u00edses <\/b><\/p>\n<p class=\"p2\">No est\u00e1n previstas transferencias de datos a terceros pa\u00edses.<\/p>\n<p class=\"p1\"><b>7. \u00bfCu\u00e1les son sus derechos cuando nos facilita sus datos? <\/b><\/p>\n<p class=\"p2\">Cualquier persona tiene derecho a obtener confirmaci\u00f3n sobre si en ACEITES MAEVA SLU estamos tratando, o no, datos personales que les conciernan.<\/p>\n<p class=\"p2\">Las personas interesadas tienen derecho a acceder a sus datos personales, as\u00ed como a solicitar la rectificaci\u00f3n de los datos inexactos o, en su caso, solicitar su supresi\u00f3n cuando, entre otros motivos, los datos ya no sean necesarios para los fines que fueron recogidos. Igualmente tiene derecho a la portabilidad de sus datos.<\/p>\n<p class=\"p2\">En determinadas circunstancias, los interesados podr\u00e1n solicitar la limitaci\u00f3n del tratamiento de sus datos, en cuyo caso \u00fanicamente los conservaremos para el ejercicio o la defensa de reclamaciones.<\/p>\n<p class=\"p2\">En determinadas circunstancias y por motivos relacionados con su situaci\u00f3n particular, los interesados podr\u00e1n oponerse al tratamiento de sus datos. En este caso, ACEITES MAEVA SLU dejar\u00e1 de tratar los datos, salvo por motivos leg\u00edtimos imperiosos, o el ejercicio o la defensa de posibles reclamaciones.<\/p>\n<p class=\"p2\">Podr\u00e1 ejercitar materialmente sus derechos dirigi\u00e9ndose a la direcci\u00f3n del responsable del tratamiento<\/p>\n<p class=\"p2\">Si ha otorgado su consentimiento para alguna finalidad concreta, tiene derecho a retirar el consentimiento otorgado en cualquier momento, sin que ello afecte a la licitud del tratamiento basado en el consentimiento previo a su retirada.<\/p>\n<p class=\"p2\">En caso de que sienta vulnerados sus derechos en lo concerniente a la protecci\u00f3n de sus datos personales, especialmente cuando no haya obtenido satisfacci\u00f3n en el ejercicio de sus derechos, puede presentar una reclamaci\u00f3n ante la Autoridad de Control en materia de Protecci\u00f3n de Datos competente a trav\u00e9s de su sitio web: www.agpd.es.<\/p>\n<p class=\"p1\"><b>8. \u00bfC\u00f3mo hemos obtenido sus datos? <\/b><\/p>\n<p class=\"p2\">Los datos personales que tratamos en ACEITES MAEVA SLU proceden de: Del propio interesado<\/p>\n<p class=\"p1\">Las categor\u00edas de datos que se tratan son:<\/p>\n<ul>\n<li class=\"p2\">Datos identificativos.<\/li>\n<li class=\"p2\">Informaci\u00f3n comercial.<\/li>\n<li class=\"p1\">Datos econ\u00f3micos.<\/li>\n<\/ul>\n<p class=\"p1\">No se tratan categor\u00edas especiales de datos personales (son aquellos datos que revelen el origen \u00e9tnico o racial, las opiniones pol\u00edticas, las convicciones religiosas o filos\u00f3ficas, o la afiliaci\u00f3n sindical, datos gen\u00e9ticos, datos biom\u00e9tricos dirigidos a identificar de manera un\u00edvoca a una persona f\u00edsica, datos relativos a la salud o datos relativos a la vida sexual o la orientaci\u00f3n sexual de una persona f\u00edsica).<\/p>\n<table class=\"t1\" cellspacing=\"2\" cellpadding=\"2\">\n<tbody>\n<tr>\n<td class=\"td1\" colspan=\"2\" valign=\"top\">\n<p class=\"p1\" style=\"text-align: left;\"><b>Tratamiento de los datos de potenciales clientes y contactos web <\/b><span class=\"s1\"><b>Informaci\u00f3n b\u00e1sica sobre Protecci\u00f3n de datos <\/b><\/span><\/p>\n<\/td>\n<\/tr>\n<tr>\n<td class=\"td1\" valign=\"top\">\n<p class=\"p2\" style=\"text-align: left;\"><b>Responsable: <\/b><\/p>\n<\/td>\n<td class=\"td1\" valign=\"top\">\n<p class=\"p3\" style=\"text-align: left;\">ACEITES MAEVA SLU<\/p>\n<\/td>\n<\/tr>\n<tr>\n<td class=\"td1\" valign=\"top\">\n<p class=\"p2\" style=\"text-align: left;\"><b>Finalidad: <\/b><\/p>\n<\/td>\n<td class=\"td1\" valign=\"top\">\n<p class=\"p3\" style=\"text-align: left;\">Atender su solicitud y enviarle comunicaciones comerciales<\/p>\n<\/td>\n<\/tr>\n<tr>\n<td class=\"td1\" valign=\"top\">\n<p class=\"p2\" style=\"text-align: left;\"><b>Legitimaci\u00f3n: <\/b><\/p>\n<\/td>\n<td class=\"td1\" valign=\"top\">\n<p class=\"p3\" style=\"text-align: left;\">Ejecuci\u00f3n de un contrato.<\/p>\n<p class=\"p3\" style=\"text-align: left;\">Consentimiento del interesado.<\/p>\n<\/td>\n<\/tr>\n<tr>\n<td class=\"td1\" valign=\"top\">\n<p class=\"p2\" style=\"text-align: left;\"><b>Destinatarios: <\/b><\/p>\n<\/td>\n<td class=\"td1\" valign=\"top\">\n<p class=\"p3\" style=\"text-align: left;\">No se ceder\u00e1n datos a terceros, salvo obligaci\u00f3n legal.<\/p>\n<\/td>\n<\/tr>\n<tr>\n<td class=\"td1\" valign=\"top\">\n<p class=\"p2\" style=\"text-align: left;\"><b>Derechos: <\/b><\/p>\n<\/td>\n<td class=\"td1\" valign=\"top\">\n<p class=\"p3\" style=\"text-align: left;\">Tiene derecho a acceder, rectificar y suprimir los datos, as\u00ed como otros derechos, indicados en la informaci\u00f3n adicional, que puede ejercer dirigi\u00e9ndose a la direcci\u00f3n del responsable del tratamiento<\/p>\n<\/td>\n<\/tr>\n<tr>\n<td class=\"td1\" valign=\"top\">\n<p class=\"p2\" style=\"text-align: left;\"><b>Procedencia: <\/b><\/p>\n<\/td>\n<td class=\"td1\" valign=\"top\">\n<p class=\"p3\" style=\"text-align: left;\">Del propio interesado<\/p>\n<\/td>\n<\/tr>\n<\/tbody>\n<\/table>\n<p class=\"p1\"><b>Informaci\u00f3n completa sobre Protecci\u00f3n de Datos <\/b><\/p>\n<p class=\"p1\"><b>1. \u00bfQui\u00e9n es el responsable del tratamiento de sus datos? <\/b><\/p>\n<p class=\"p2\">ACEITES MAEVA SLU.<\/p>\n<p class=\"p2\">B18364141.<\/p>\n<p class=\"p2\">PARQUE METROPOLITANO. AVDA. INCAR 8. &#8211; 18130 &#8211; ESCUZAR &#8211; GRANADA.<\/p>\n<p class=\"p2\">958991033.<\/p>\n<p class=\"p2\">maeva@aceitesmaeva.com.<\/p>\n<p class=\"p3\"><b><i>1.1. Delegado de Protecci\u00f3n de Datos (DPD): <\/i><\/b><\/p>\n<p class=\"p1\">ELISA CAMPOY SOLER<\/p>\n<p class=\"p1\">CALLE LUIS AMADOR 26. CENTRO DE NEGOCIOS CAMARA DE COMERCIO. GRANADA<\/p>\n<p class=\"p1\">info@altabir.es<\/p>\n<p class=\"p2\"><b>2. \u00bfCon qu\u00e9 finalidad tratamos sus datos personales? <\/b><\/p>\n<p class=\"p1\">En ACEITES MAEVA SLU tratamos la informaci\u00f3n que nos facilitan las personas interesadas con el fin de Atender su solicitud y enviarle comunicaciones comerciales, inclusive por v\u00eda electr\u00f3nica No se van a tomar decisiones automatizadas en base de datos proporcionados.<\/p>\n<p class=\"p2\"><b>3. \u00bfPor cu\u00e1nto tiempo conservaremos sus datos? <\/b><\/p>\n<p class=\"p1\">Los datos se conservar\u00e1n mientras el interesado no solicite su supresi\u00f3n<\/p>\n<p class=\"p2\"><b>4. \u00bfCu\u00e1l es la legitimaci\u00f3n para el tratamiento de sus datos? <\/b><\/p>\n<p class=\"p1\">Le indicamos la base legal para el tratamiento de sus datos:<\/p>\n<ul>\n<li class=\"p3\">Ejecuci\u00f3n de un contrato: Atender su solicitud<\/li>\n<li class=\"p1\">Consentimiento del interesado: Enviarle comunicaciones comerciales, inclusive por v\u00eda electr\u00f3nica<\/li>\n<\/ul>\n<p class=\"p2\"><b>5. \u00bfA qu\u00e9 destinatarios se comunicar\u00e1n sus datos? <\/b><\/p>\n<p class=\"p1\">No se ceder\u00e1n datos a terceros, salvo obligaci\u00f3n legal.<\/p>\n<p class=\"p2\"><b>6. Transferencias de datos a terceros pa\u00edses <\/b><\/p>\n<p class=\"p1\">No est\u00e1n previstas transferencias de datos a terceros pa\u00edses.<\/p>\n<p class=\"p2\"><b>7. \u00bfCu\u00e1les son sus derechos cuando nos facilita sus datos? <\/b><\/p>\n<p class=\"p1\">Cualquier persona tiene derecho a obtener confirmaci\u00f3n sobre si en ACEITES MAEVA SLU estamos tratando, o no, datos personales que les conciernan.<\/p>\n<p class=\"p1\">Las personas interesadas tienen derecho a acceder a sus datos personales, as\u00ed como a solicitar la rectificaci\u00f3n de los datos inexactos o, en su caso, solicitar su supresi\u00f3n cuando, entre otros motivos, los datos ya no sean necesarios para los fines que fueron<\/p>\n<p class=\"p1\">recogidos. Igualmente tiene derecho a la portabilidad de sus datos.<\/p>\n<p class=\"p1\">En determinadas circunstancias, los interesados podr\u00e1n solicitar la limitaci\u00f3n del tratamiento de sus datos, en cuyo caso \u00fanicamente los conservaremos para el ejercicio o la defensa de reclamaciones.<\/p>\n<p class=\"p1\">En determinadas circunstancias y por motivos relacionados con su situaci\u00f3n particular, los interesados podr\u00e1n oponerse al tratamiento de sus datos. En este caso, ACEITES MAEVA SLU dejar\u00e1 de tratar los datos, salvo por motivos leg\u00edtimos imperiosos, o el ejercicio o la defensa de posibles reclamaciones.<\/p>\n<p class=\"p1\">Podr\u00e1 ejercitar materialmente sus derechos dirigi\u00e9ndose a la direcci\u00f3n del responsable del tratamiento<\/p>\n<p class=\"p1\">Si ha otorgado su consentimiento para alguna finalidad concreta, tiene derecho a retirar el consentimiento otorgado en cualquier momento, sin que ello afecte a la licitud del tratamiento basado en el consentimiento previo a su retirada.<\/p>\n<p class=\"p1\">En caso de que sienta vulnerados sus derechos en lo concerniente a la protecci\u00f3n de sus datos personales, especialmente cuando no haya obtenido satisfacci\u00f3n en el ejercicio de sus derechos, puede presentar una reclamaci\u00f3n ante la Autoridad de Control en materia de Protecci\u00f3n de Datos competente a trav\u00e9s de su sitio web: www.agpd.es.<\/p>\n<p class=\"p2\"><b>8. \u00bfC\u00f3mo hemos obtenido sus datos? <\/b><\/p>\n<p class=\"p1\">Los datos personales que tratamos en ACEITES MAEVA SLU proceden de: Del propio interesado<\/p>\n<p class=\"p1\">Las categor\u00edas de datos que se tratan son:<\/p>\n<ul>\n<li class=\"p3\">Datos identificativos.<\/li>\n<li class=\"p3\">Direcciones postales y electr\u00f3nicas.<\/li>\n<li class=\"p1\">Informaci\u00f3n comercial.<\/li>\n<\/ul>\n<p class=\"p1\">No se tratan categor\u00edas especiales de datos personales (son aquellos datos que revelen el origen \u00e9tnico o racial, las opiniones pol\u00edticas, las convicciones religiosas o filos\u00f3ficas, o la afiliaci\u00f3n sindical, datos gen\u00e9ticos, datos biom\u00e9tricos dirigidos a identificar de manera un\u00edvoca a una persona f\u00edsica, datos relativos a la salud o datos relativos a la vida sexual o la orientaci\u00f3n sexual de una persona f\u00edsica).<\/p>\n<p>[\/vc_column_text][vc_empty_space][\/vc_column][\/vc_row]<\/p>\n<\/div>","protected":false},"excerpt":{"rendered":"<p>[vc_row css_animation=\u00a0\u00bb\u00a0\u00bb row_type=\u00a0\u00bbrow\u00a0\u00bb use_row_as_full_screen_section=\u00a0\u00bbno\u00a0\u00bb type=\u00a0\u00bbfull_width\u00a0\u00bb angled_section=\u00a0\u00bbno\u00a0\u00bb text_align=\u00a0\u00bbleft\u00a0\u00bb background_image_as_pattern=\u00a0\u00bbwithout_pattern\u00a0\u00bb][vc_column css=\u00a0\u00bb.vc_custom_1582912094431{padding-top: 10px !important;padding-right: 10px !important;padding-bottom: 10px !important;padding-left: 10px !important;}\u00a0\u00bb][vc_empty_space][vc_column_text css=\u00a0\u00bb.vc_custom_1582913477081{margin-top: 10px !important;margin-right: 10px !important;margin-bottom: 10px !important;margin-left: 10px !important;padding-top: 10px !important;padding-right: 10px !important;padding-bottom: 10px !important;padding-left: 10px !important;}\u00a0\u00bb] POL\u00cdTICA DE PRIVACIDAD En ACEITES MAEVA SLU nos preocupamos por la&#8230;<\/p>\n","protected":false},"author":3,"featured_media":0,"parent":0,"menu_order":0,"comment_status":"closed","ping_status":"closed","template":"","meta":{"footnotes":""},"class_list":["post-79594","page","type-page","status-publish","hentry"],"yoast_head":"<!-- This site is optimized with the Yoast SEO plugin v27.4 - https:\/\/yoast.com\/product\/yoast-seo-wordpress\/ -->\n<title>Politique de Confidentialite - Aceites Maeva<\/title>\n<meta name=\"robots\" content=\"index, follow, max-snippet:-1, max-image-preview:large, max-video-preview:-1\" \/>\n<link rel=\"canonical\" href=\"https:\/\/aceitesmaeva.com\/fr\/politique-de-confidentialite\/\" \/>\n<meta property=\"og:locale\" content=\"fr_FR\" \/>\n<meta property=\"og:type\" content=\"article\" \/>\n<meta property=\"og:title\" content=\"Politique de Confidentialite - Aceites Maeva\" \/>\n<meta property=\"og:description\" content=\"[vc_row css_animation=\u00a0\u00bb\u00a0\u00bb row_type=\u00a0\u00bbrow\u00a0\u00bb use_row_as_full_screen_section=\u00a0\u00bbno\u00a0\u00bb type=\u00a0\u00bbfull_width\u00a0\u00bb angled_section=\u00a0\u00bbno\u00a0\u00bb text_align=\u00a0\u00bbleft\u00a0\u00bb background_image_as_pattern=\u00a0\u00bbwithout_pattern\u00a0\u00bb][vc_column css=\u00a0\u00bb.vc_custom_1582912094431{padding-top: 10px !important;padding-right: 10px !important;padding-bottom: 10px !important;padding-left: 10px !important;}\u00a0\u00bb][vc_empty_space][vc_column_text css=\u00a0\u00bb.vc_custom_1582913477081{margin-top: 10px !important;margin-right: 10px !important;margin-bottom: 10px !important;margin-left: 10px !important;padding-top: 10px !important;padding-right: 10px !important;padding-bottom: 10px !important;padding-left: 10px !important;}\u00a0\u00bb] POL\u00cdTICA DE PRIVACIDAD En ACEITES MAEVA SLU nos preocupamos por la...\" \/>\n<meta property=\"og:url\" content=\"https:\/\/aceitesmaeva.com\/fr\/politique-de-confidentialite\/\" \/>\n<meta property=\"og:site_name\" content=\"Aceites Maeva\" \/>\n<meta property=\"article:modified_time\" content=\"2020-03-06T10:14:24+00:00\" \/>\n<meta name=\"twitter:card\" content=\"summary_large_image\" \/>\n<meta name=\"twitter:label1\" content=\"Dur\u00e9e de lecture estim\u00e9e\" \/>\n\t<meta name=\"twitter:data1\" content=\"26 minutes\" \/>\n<script type=\"application\/ld+json\" class=\"yoast-schema-graph\">{\"@context\":\"https:\\\/\\\/schema.org\",\"@graph\":[{\"@type\":\"WebPage\",\"@id\":\"https:\\\/\\\/aceitesmaeva.com\\\/fr\\\/politique-de-confidentialite\\\/\",\"url\":\"https:\\\/\\\/aceitesmaeva.com\\\/fr\\\/politique-de-confidentialite\\\/\",\"name\":\"Politique de Confidentialite - Aceites Maeva\",\"isPartOf\":{\"@id\":\"https:\\\/\\\/aceitesmaeva.com\\\/fr\\\/#website\"},\"datePublished\":\"2020-03-06T10:14:23+00:00\",\"dateModified\":\"2020-03-06T10:14:24+00:00\",\"breadcrumb\":{\"@id\":\"https:\\\/\\\/aceitesmaeva.com\\\/fr\\\/politique-de-confidentialite\\\/#breadcrumb\"},\"inLanguage\":\"fr-FR\",\"potentialAction\":[{\"@type\":\"ReadAction\",\"target\":[\"https:\\\/\\\/aceitesmaeva.com\\\/fr\\\/politique-de-confidentialite\\\/\"]}]},{\"@type\":\"BreadcrumbList\",\"@id\":\"https:\\\/\\\/aceitesmaeva.com\\\/fr\\\/politique-de-confidentialite\\\/#breadcrumb\",\"itemListElement\":[{\"@type\":\"ListItem\",\"position\":1,\"name\":\"Portada\",\"item\":\"https:\\\/\\\/aceitesmaeva.com\\\/fr\\\/\"},{\"@type\":\"ListItem\",\"position\":2,\"name\":\"Politique de Confidentialite\"}]},{\"@type\":\"WebSite\",\"@id\":\"https:\\\/\\\/aceitesmaeva.com\\\/fr\\\/#website\",\"url\":\"https:\\\/\\\/aceitesmaeva.com\\\/fr\\\/\",\"name\":\"Aceites Maeva\",\"description\":\"Aceite de Oliva Virgen Extra\",\"potentialAction\":[{\"@type\":\"SearchAction\",\"target\":{\"@type\":\"EntryPoint\",\"urlTemplate\":\"https:\\\/\\\/aceitesmaeva.com\\\/fr\\\/?s={search_term_string}\"},\"query-input\":{\"@type\":\"PropertyValueSpecification\",\"valueRequired\":true,\"valueName\":\"search_term_string\"}}],\"inLanguage\":\"fr-FR\"}]}<\/script>\n<!-- \/ Yoast SEO plugin. -->","yoast_head_json":{"title":"Politique de Confidentialite - Aceites Maeva","robots":{"index":"index","follow":"follow","max-snippet":"max-snippet:-1","max-image-preview":"max-image-preview:large","max-video-preview":"max-video-preview:-1"},"canonical":"https:\/\/aceitesmaeva.com\/fr\/politique-de-confidentialite\/","og_locale":"fr_FR","og_type":"article","og_title":"Politique de Confidentialite - Aceites Maeva","og_description":"[vc_row css_animation=\u00a0\u00bb\u00a0\u00bb row_type=\u00a0\u00bbrow\u00a0\u00bb use_row_as_full_screen_section=\u00a0\u00bbno\u00a0\u00bb type=\u00a0\u00bbfull_width\u00a0\u00bb angled_section=\u00a0\u00bbno\u00a0\u00bb text_align=\u00a0\u00bbleft\u00a0\u00bb background_image_as_pattern=\u00a0\u00bbwithout_pattern\u00a0\u00bb][vc_column css=\u00a0\u00bb.vc_custom_1582912094431{padding-top: 10px !important;padding-right: 10px !important;padding-bottom: 10px !important;padding-left: 10px !important;}\u00a0\u00bb][vc_empty_space][vc_column_text css=\u00a0\u00bb.vc_custom_1582913477081{margin-top: 10px !important;margin-right: 10px !important;margin-bottom: 10px !important;margin-left: 10px !important;padding-top: 10px !important;padding-right: 10px !important;padding-bottom: 10px !important;padding-left: 10px !important;}\u00a0\u00bb] POL\u00cdTICA DE PRIVACIDAD En ACEITES MAEVA SLU nos preocupamos por la...","og_url":"https:\/\/aceitesmaeva.com\/fr\/politique-de-confidentialite\/","og_site_name":"Aceites Maeva","article_modified_time":"2020-03-06T10:14:24+00:00","twitter_card":"summary_large_image","twitter_misc":{"Dur\u00e9e de lecture estim\u00e9e":"26 minutes"},"schema":{"@context":"https:\/\/schema.org","@graph":[{"@type":"WebPage","@id":"https:\/\/aceitesmaeva.com\/fr\/politique-de-confidentialite\/","url":"https:\/\/aceitesmaeva.com\/fr\/politique-de-confidentialite\/","name":"Politique de Confidentialite - Aceites Maeva","isPartOf":{"@id":"https:\/\/aceitesmaeva.com\/fr\/#website"},"datePublished":"2020-03-06T10:14:23+00:00","dateModified":"2020-03-06T10:14:24+00:00","breadcrumb":{"@id":"https:\/\/aceitesmaeva.com\/fr\/politique-de-confidentialite\/#breadcrumb"},"inLanguage":"fr-FR","potentialAction":[{"@type":"ReadAction","target":["https:\/\/aceitesmaeva.com\/fr\/politique-de-confidentialite\/"]}]},{"@type":"BreadcrumbList","@id":"https:\/\/aceitesmaeva.com\/fr\/politique-de-confidentialite\/#breadcrumb","itemListElement":[{"@type":"ListItem","position":1,"name":"Portada","item":"https:\/\/aceitesmaeva.com\/fr\/"},{"@type":"ListItem","position":2,"name":"Politique de Confidentialite"}]},{"@type":"WebSite","@id":"https:\/\/aceitesmaeva.com\/fr\/#website","url":"https:\/\/aceitesmaeva.com\/fr\/","name":"Aceites Maeva","description":"Aceite de Oliva Virgen Extra","potentialAction":[{"@type":"SearchAction","target":{"@type":"EntryPoint","urlTemplate":"https:\/\/aceitesmaeva.com\/fr\/?s={search_term_string}"},"query-input":{"@type":"PropertyValueSpecification","valueRequired":true,"valueName":"search_term_string"}}],"inLanguage":"fr-FR"}]}},"_links":{"self":[{"href":"https:\/\/aceitesmaeva.com\/fr\/wp-json\/wp\/v2\/pages\/79594","targetHints":{"allow":["GET"]}}],"collection":[{"href":"https:\/\/aceitesmaeva.com\/fr\/wp-json\/wp\/v2\/pages"}],"about":[{"href":"https:\/\/aceitesmaeva.com\/fr\/wp-json\/wp\/v2\/types\/page"}],"author":[{"embeddable":true,"href":"https:\/\/aceitesmaeva.com\/fr\/wp-json\/wp\/v2\/users\/3"}],"replies":[{"embeddable":true,"href":"https:\/\/aceitesmaeva.com\/fr\/wp-json\/wp\/v2\/comments?post=79594"}],"version-history":[{"count":1,"href":"https:\/\/aceitesmaeva.com\/fr\/wp-json\/wp\/v2\/pages\/79594\/revisions"}],"predecessor-version":[{"id":79595,"href":"https:\/\/aceitesmaeva.com\/fr\/wp-json\/wp\/v2\/pages\/79594\/revisions\/79595"}],"wp:attachment":[{"href":"https:\/\/aceitesmaeva.com\/fr\/wp-json\/wp\/v2\/media?parent=79594"}],"curies":[{"name":"wp","href":"https:\/\/api.w.org\/{rel}","templated":true}]}}